{"id":295,"date":"2020-03-01T23:34:43","date_gmt":"2020-03-01T22:34:43","guid":{"rendered":"https:\/\/longsformats.artecom.studio\/femmesetpouvoir\/?page_id=295"},"modified":"2020-03-02T00:15:58","modified_gmt":"2020-03-01T23:15:58","slug":"edito","status":"publish","type":"page","link":"https:\/\/longsformats.artecom.studio\/femmesetpouvoir\/edito\/","title":{"rendered":"\u00c9dito"},"content":{"rendered":"\n<figure class=\"wp-block-pullquote\"><blockquote><p> N\u2019oubliez jamais qu\u2019il suffira d\u2019une crise politique, \u00e9conomique ou religieuse pour que les droits des femmes soient remis en question.<\/p><cite> SIMONE DE BEAUVOIR <\/cite><\/blockquote><\/figure>\n\n\n\n<p>C&rsquo;est avec ces paroles en t\u00eate que nous autres, \u00e9tudiant\u00b7e\u00b7s du Master 2 Culture et Communication de l&rsquo;Universit\u00e9 Toulouse II Jean Jaur\u00e8s, nous sommes lanc\u00e9\u00b7e\u00b7s dans la conception de ce long-format. Ce dernier a \u00e9t\u00e9 r\u00e9dig\u00e9 par six plumes sensibilis\u00e9es \u00e0 la probl\u00e9matique de l&rsquo;\u00e9galit\u00e9 femmes &#8211; hommes et \u00e0 qui un d\u00e9fi a \u00e9t\u00e9 lanc\u00e9 : r\u00e9diger une forme journalistique pour le web, un exercice particulier r\u00e9alis\u00e9 apr\u00e8s plusieurs semaines de recherches et d&rsquo;\u00e9criture. Ce d\u00e9fi, nous l&rsquo;avons donc relev\u00e9 pour vous pr\u00e9senter aujourd&rsquo;hui notre long-format intitul\u00e9 : <strong>Genre en d\u00e9mocratie &#8211; Les femmes et l&rsquo;exercice du pouvoir<\/strong>.<\/p>\n\n\n\n<p>Enrichi\u00b7e\u00b7s de diverses lectures sur le f\u00e9minisme et du cours de communication politique prodigu\u00e9 par <strong>Marl\u00e8ne Coulomb-Gully<\/strong>, chercheuse en sciences de l&rsquo;information et de la communication, notre objectif est de mettre en lumi\u00e8re la place qu&rsquo;occupent les femmes sur la sc\u00e8ne politique internationale. Longtemps invisibilis\u00e9es, elles reprennent progressivement la place qui leur avait \u00e9t\u00e9 refus\u00e9e. De tous les \u00e2ges, de tous les bords politiques et de toutes les nationalit\u00e9s, ce long-format, en adoptant un point de vue intersectionnel, rend compte de la pluralit\u00e9 des femmes. Ce long-format a \u00e9galement pour ambition de faire \u00e9tat des progr\u00e8s qu&rsquo;il reste \u00e0 faire : en d\u00e9pit des large avanc\u00e9es op\u00e9r\u00e9es depuis les ann\u00e9es 1960, de nombreuses in\u00e9galit\u00e9s persistent entre femmes et hommes.<\/p>\n\n\n\n<p style=\"text-align:right\"><strong>A. Lopez et S. Marteau<\/strong><\/p>\n","protected":false},"excerpt":{"rendered":"<p>N\u2019oubliez jamais qu\u2019il suffira d\u2019une crise politique, \u00e9conomique ou religieuse pour que les droits des femmes soient remis en question. SIMONE DE BEAUVOIR C&rsquo;est avec ces paroles en t\u00eate que nous autres, \u00e9tudiant\u00b7e\u00b7s du Master 2 Culture et Communication de l&rsquo;Universit\u00e9 Toulouse II Jean Jaur\u00e8s, nous sommes lanc\u00e9\u00b7e\u00b7s dans la conception de ce long-format. Ce [&hellip;]<\/p>\n","protected":false},"author":20,"featured_media":0,"parent":0,"menu_order":0,"comment_status":"closed","ping_status":"closed","template":"","meta":{"footnotes":""},"class_list":["post-295","page","type-page","status-publish","hentry","aesop-entry-content"],"_links":{"self":[{"href":"https:\/\/longsformats.artecom.studio\/femmesetpouvoir\/wp-json\/wp\/v2\/pages\/295","targetHints":{"allow":["GET"]}}],"collection":[{"href":"https:\/\/longsformats.artecom.studio\/femmesetpouvoir\/wp-json\/wp\/v2\/pages"}],"about":[{"href":"https:\/\/longsformats.artecom.studio\/femmesetpouvoir\/wp-json\/wp\/v2\/types\/page"}],"author":[{"embeddable":true,"href":"https:\/\/longsformats.artecom.studio\/femmesetpouvoir\/wp-json\/wp\/v2\/users\/20"}],"replies":[{"embeddable":true,"href":"https:\/\/longsformats.artecom.studio\/femmesetpouvoir\/wp-json\/wp\/v2\/comments?post=295"}],"version-history":[{"count":15,"href":"https:\/\/longsformats.artecom.studio\/femmesetpouvoir\/wp-json\/wp\/v2\/pages\/295\/revisions"}],"predecessor-version":[{"id":591,"href":"https:\/\/longsformats.artecom.studio\/femmesetpouvoir\/wp-json\/wp\/v2\/pages\/295\/revisions\/591"}],"wp:attachment":[{"href":"https:\/\/longsformats.artecom.studio\/femmesetpouvoir\/wp-json\/wp\/v2\/media?parent=295"}],"curies":[{"name":"wp","href":"https:\/\/api.w.org\/{rel}","templated":true}]}}